{"version":"1.0","provider_name":"Campionato Carnico 2017","provider_url":"https:\/\/2017.carnico.it\/blog","title":"IL COMEGLIANS RICORDA ROBERTO PELLIZZARI - Campionato Carnico 2017","type":"rich","width":600,"height":338,"html":"<blockquote class=\"wp-embedded-content\" data-secret=\"cIUVyhrCHZ\"><a href=\"https:\/\/2017.carnico.it\/blog\/2016\/04\/13\/il-comeglians-ricorda-roberto-pellizzari\/\">IL COMEGLIANS RICORDA ROBERTO PELLIZZARI<\/a><\/blockquote><iframe sandbox=\"allow-scripts\" security=\"restricted\" src=\"https:\/\/2017.carnico.it\/blog\/2016\/04\/13\/il-comeglians-ricorda-roberto-pellizzari\/embed\/#?secret=cIUVyhrCHZ\" width=\"600\" height=\"338\" title=\"&#8220;IL COMEGLIANS RICORDA ROBERTO PELLIZZARI&#8221; &#8212; Campionato Carnico 2017\" data-secret=\"cIUVyhrCHZ\" frameborder=\"0\" marginwidth=\"0\" marginheight=\"0\" scrolling=\"no\" class=\"wp-embedded-content\"><\/iframe><script type=\"text\/javascript\">\n\/* <![CDATA[ *\/\n\/*! This file is auto-generated *\/\n!function(d,l){\"use strict\";l.querySelector&&d.addEventListener&&\"undefined\"!=typeof URL&&(d.wp=d.wp||{},d.wp.receiveEmbedMessage||(d.wp.receiveEmbedMessage=function(e){var t=e.data;if((t||t.secret||t.message||t.value)&&!\/[^a-zA-Z0-9]\/.test(t.secret)){for(var s,r,n,a=l.querySelectorAll('iframe[data-secret=\"'+t.secret+'\"]'),o=l.querySelectorAll('blockquote[data-secret=\"'+t.secret+'\"]'),c=new RegExp(\"^https?:$\",\"i\"),i=0;i<o.length;i++)o[i].style.display=\"none\";for(i=0;i<a.length;i++)s=a[i],e.source===s.contentWindow&&(s.removeAttribute(\"style\"),\"height\"===t.message?(1e3<(r=parseInt(t.value,10))?r=1e3:~~r<200&&(r=200),s.height=r):\"link\"===t.message&&(r=new URL(s.getAttribute(\"src\")),n=new URL(t.value),c.test(n.protocol))&&n.host===r.host&&l.activeElement===s&&(d.top.location.href=t.value))}},d.addEventListener(\"message\",d.wp.receiveEmbedMessage,!1),l.addEventListener(\"DOMContentLoaded\",function(){for(var e,t,s=l.querySelectorAll(\"iframe.wp-embedded-content\"),r=0;r<s.length;r++)(t=(e=s[r]).getAttribute(\"data-secret\"))||(t=Math.random().toString(36).substring(2,12),e.src+=\"#?secret=\"+t,e.setAttribute(\"data-secret\",t)),e.contentWindow.postMessage({message:\"ready\",secret:t},\"*\")},!1)))}(window,document);\n\/\/# sourceURL=https:\/\/2017.carnico.it\/blog\/wp-includes\/js\/wp-embed.min.js\n\/* ]]> *\/\n<\/script>\n","description":"Roberto Pellizzari, storico dirigente biancorosso, \u00e8 sempre vivo nel ricordo del Comeglians, ma pi\u00f9 in generale di Comeglians, intesa come comunit\u00e0. A lui, scomparso nel luglio scorso, la societ\u00e0 del presidente Pietro Vesnaver ha deciso di intitolare un memorial che si terr\u00e0 presso il campo sportivo della localit\u00e0 della \u00a0Val di Gorto sabato 15 aprile [&hellip;]","thumbnail_url":"https:\/\/www.carnico.it\/blog\/wp-content\/uploads\/2016\/04\/PELLI-326x450.jpg"}